{"id":42,"date":"2023-03-20T17:53:18","date_gmt":"2023-03-20T16:53:18","guid":{"rendered":"https:\/\/wp.catedu.es\/cpjuandelanuza\/?page_id=42"},"modified":"2026-02-09T09:54:40","modified_gmt":"2026-02-09T08:54:40","slug":"secciones-transversales","status":"publish","type":"page","link":"https:\/\/wp.catedu.es\/cpjuandelanuza\/secciones-transversales\/","title":{"rendered":"Buen Pastor\/Colegio Mar\u00eda D\u00edaz"},"content":{"rendered":"<p>Aqu\u00ed puedes ver una comparativa de los planos originales del edificio (realizados a mano por el arquitecto municipal Ricardo Magdalena en 1907 y que se conservan en el Archivo Municipal de Zaragoza) y de los planos de la reforma de 1987.<\/p>\n<div class=\"h5p-iframe-wrapper\"><iframe id=\"h5p-iframe-2\" class=\"h5p-iframe\" data-content-id=\"2\" style=\"height:1px\" src=\"about:blank\" frameBorder=\"0\" scrolling=\"no\" title=\"Comparativa planos originales\/reforma\"><\/iframe><\/div>\n<div class=\"h5p-iframe-wrapper\"><iframe id=\"h5p-iframe-3\" class=\"h5p-iframe\" data-content-id=\"3\" style=\"height:1px\" src=\"about:blank\" frameBorder=\"0\" scrolling=\"no\" title=\"Fachadas y secciones transversales\"><\/iframe><\/div>\n<p>Originalmente el edificio se construy\u00f3 para albergar las Escuelas Municipales (similares a las del Arrabal, las Golondrinas en la calle Las Armas&#8230;) y pas\u00f3 a ser conocida como Escuela de P\u00e1rvulos Buen Pastor, aunque desde 1919 llevaba el nombre de Grupo Escolar de do\u00f1a Mar\u00eda D\u00edaz Lizardi (que anteriormente hab\u00eda dirigido otro grupo escolar en Zaragoza, como se ve en esta noticia de 1889).<\/p>\n<figure id=\"attachment_484\" aria-describedby=\"caption-attachment-484\" style=\"width: 537px\" class=\"wp-caption alignnone\"><img loading=\"lazy\" decoding=\"async\" class=\"size-full wp-image-484\" src=\"https:\/\/wp.catedu.es\/cpjuandelanuza\/wp-content\/uploads\/sites\/245\/2025\/01\/Diario-de-avisos-2-de-julio-de-1889.png\" alt=\"\" width=\"537\" height=\"89\" srcset=\"https:\/\/wp.catedu.es\/cpjuandelanuza\/wp-content\/uploads\/sites\/245\/2025\/01\/Diario-de-avisos-2-de-julio-de-1889.png 537w, https:\/\/wp.catedu.es\/cpjuandelanuza\/wp-content\/uploads\/sites\/245\/2025\/01\/Diario-de-avisos-2-de-julio-de-1889-300x50.png 300w\" sizes=\"auto, (max-width: 537px) 100vw, 537px\" \/><figcaption id=\"caption-attachment-484\" class=\"wp-caption-text\">Diario de avisos. 2 de julio de 1889.<\/figcaption><\/figure>\n<p>En 1900 hab\u00eda otro grupo escolar llamado \u00abMar\u00eda D\u00edaz\u00bb, dirigido Do\u00f1a Francisca Pascual.<\/p>\n<p><img loading=\"lazy\" decoding=\"async\" class=\"alignnone size-full wp-image-479\" src=\"https:\/\/wp.catedu.es\/cpjuandelanuza\/wp-content\/uploads\/sites\/245\/2025\/01\/directora-interina.png\" alt=\"\" width=\"353\" height=\"224\" srcset=\"https:\/\/wp.catedu.es\/cpjuandelanuza\/wp-content\/uploads\/sites\/245\/2025\/01\/directora-interina.png 353w, https:\/\/wp.catedu.es\/cpjuandelanuza\/wp-content\/uploads\/sites\/245\/2025\/01\/directora-interina-300x190.png 300w\" sizes=\"auto, (max-width: 353px) 100vw, 353px\" \/><\/p>\n<p>En 1909 se adjudicaba la obra a Don Gregorio Mart\u00ednez, que la ejecutar\u00eda seg\u00fan los planos del arquitecto municipal Ricardo Magdalena, que no llegar\u00eda a ver las escuelas terminadas:<\/p>\n<figure id=\"attachment_703\" aria-describedby=\"caption-attachment-703\" style=\"width: 448px\" class=\"wp-caption alignnone\"><img loading=\"lazy\" decoding=\"async\" class=\"size-full wp-image-703\" src=\"https:\/\/wp.catedu.es\/cpjuandelanuza\/wp-content\/uploads\/sites\/245\/2025\/02\/El-noticiero-12-de-febrero-de-1909-ADJUDICACION-OBRA.png\" alt=\"\" width=\"448\" height=\"134\" srcset=\"https:\/\/wp.catedu.es\/cpjuandelanuza\/wp-content\/uploads\/sites\/245\/2025\/02\/El-noticiero-12-de-febrero-de-1909-ADJUDICACION-OBRA.png 448w, https:\/\/wp.catedu.es\/cpjuandelanuza\/wp-content\/uploads\/sites\/245\/2025\/02\/El-noticiero-12-de-febrero-de-1909-ADJUDICACION-OBRA-300x90.png 300w\" sizes=\"auto, (max-width: 448px) 100vw, 448px\" \/><figcaption id=\"caption-attachment-703\" class=\"wp-caption-text\">El noticiero 12 de febrero de 1909<\/figcaption><\/figure>\n<p>El edificio comenz\u00f3 a construirse en la primavera de 1909:<\/p>\n<figure id=\"attachment_772\" aria-describedby=\"caption-attachment-772\" style=\"width: 314px\" class=\"wp-caption alignnone\"><img loading=\"lazy\" decoding=\"async\" class=\"size-full wp-image-772\" src=\"https:\/\/wp.catedu.es\/cpjuandelanuza\/wp-content\/uploads\/sites\/245\/2025\/02\/heraldo-27-abril-1909.png\" alt=\"\" width=\"314\" height=\"81\" srcset=\"https:\/\/wp.catedu.es\/cpjuandelanuza\/wp-content\/uploads\/sites\/245\/2025\/02\/heraldo-27-abril-1909.png 314w, https:\/\/wp.catedu.es\/cpjuandelanuza\/wp-content\/uploads\/sites\/245\/2025\/02\/heraldo-27-abril-1909-300x77.png 300w\" sizes=\"auto, (max-width: 314px) 100vw, 314px\" \/><figcaption id=\"caption-attachment-772\" class=\"wp-caption-text\">Heraldo 27 abril 1909<\/figcaption><\/figure>\n<p>Durante su construcci\u00f3n hubo un accidente laboral en el que un joven obrero cay\u00f3 de un andamio.<\/p>\n<figure id=\"attachment_774\" aria-describedby=\"caption-attachment-774\" style=\"width: 231px\" class=\"wp-caption alignnone\"><img loading=\"lazy\" decoding=\"async\" class=\"size-full wp-image-774\" src=\"https:\/\/wp.catedu.es\/cpjuandelanuza\/wp-content\/uploads\/sites\/245\/2025\/02\/heraldo-14-de-julio-de-1909.png\" alt=\"\" width=\"231\" height=\"293\" \/><figcaption id=\"caption-attachment-774\" class=\"wp-caption-text\">Heraldo 14 de julio de 1909<\/figcaption><\/figure>\n<p>Las obras iban a un ritmo menor de lo esperado, por lo que fue necesario prorrogarlas tres meses m\u00e1s all\u00e1 de lo esperado:<\/p>\n<figure id=\"attachment_775\" aria-describedby=\"caption-attachment-775\" style=\"width: 234px\" class=\"wp-caption alignnone\"><img loading=\"lazy\" decoding=\"async\" class=\"size-full wp-image-775\" src=\"https:\/\/wp.catedu.es\/cpjuandelanuza\/wp-content\/uploads\/sites\/245\/2025\/02\/Heraldo-29-diciembre-1909.png\" alt=\"\" width=\"234\" height=\"63\" \/><figcaption id=\"caption-attachment-775\" class=\"wp-caption-text\">Heraldo 29 diciembre 1909<\/figcaption><\/figure>\n<p>En el verano de 1910 se nombra al primer portero de las escuelas, Lorenzo Pastor, que anteriormente era guardia municipal. Viv\u00eda en el propio edificio.<\/p>\n<figure id=\"attachment_776\" aria-describedby=\"caption-attachment-776\" style=\"width: 220px\" class=\"wp-caption alignnone\"><img loading=\"lazy\" decoding=\"async\" class=\"size-full wp-image-776\" src=\"https:\/\/wp.catedu.es\/cpjuandelanuza\/wp-content\/uploads\/sites\/245\/2025\/02\/heraldo-30-julio-1910.png\" alt=\"\" width=\"220\" height=\"56\" \/><figcaption id=\"caption-attachment-776\" class=\"wp-caption-text\">Heraldo 30 julio 1910<\/figcaption><\/figure>\n<p>La fecha de la inauguraci\u00f3n se acercaba y la prensa se hac\u00eda eco de la compra y traslado de materiales a las nuevas escuelas. El Ayuntamiento recibir\u00eda la obra en los \u00faltimos d\u00edas de 1910, mientras el constructor reclamaba que le hab\u00edan dejado dinero a deber.<\/p>\n<figure id=\"attachment_780\" aria-describedby=\"caption-attachment-780\" style=\"width: 217px\" class=\"wp-caption alignnone\"><img loading=\"lazy\" decoding=\"async\" class=\"size-full wp-image-780\" src=\"https:\/\/wp.catedu.es\/cpjuandelanuza\/wp-content\/uploads\/sites\/245\/2025\/02\/Heraldo-16-diciembre-1910.png\" alt=\"\" width=\"217\" height=\"259\" \/><figcaption id=\"caption-attachment-780\" class=\"wp-caption-text\">Heraldo 16 diciembre 1910<\/figcaption><\/figure>\n<p><img loading=\"lazy\" decoding=\"async\" class=\"alignnone size-full wp-image-799\" src=\"https:\/\/wp.catedu.es\/cpjuandelanuza\/wp-content\/uploads\/sites\/245\/2025\/02\/material-pedagogico.png\" alt=\"\" width=\"421\" height=\"532\" srcset=\"https:\/\/wp.catedu.es\/cpjuandelanuza\/wp-content\/uploads\/sites\/245\/2025\/02\/material-pedagogico.png 421w, https:\/\/wp.catedu.es\/cpjuandelanuza\/wp-content\/uploads\/sites\/245\/2025\/02\/material-pedagogico-237x300.png 237w\" sizes=\"auto, (max-width: 421px) 100vw, 421px\" \/><\/p>\n<p>En los primeros d\u00edas de 1911, se realizaba la primera inspecci\u00f3n de sanidad del edificio.<\/p>\n<figure id=\"attachment_783\" aria-describedby=\"caption-attachment-783\" style=\"width: 253px\" class=\"wp-caption alignnone\"><img loading=\"lazy\" decoding=\"async\" class=\"size-full wp-image-783\" src=\"https:\/\/wp.catedu.es\/cpjuandelanuza\/wp-content\/uploads\/sites\/245\/2025\/02\/La-Correspondencia-de-Aragon-3-de-enero-de-1911.png\" alt=\"\" width=\"253\" height=\"153\" \/><figcaption id=\"caption-attachment-783\" class=\"wp-caption-text\">La Correspondencia de Arag\u00f3n, 3 de enero de 1911<\/figcaption><\/figure>\n<p>\u00a0<\/p>\n<figure id=\"attachment_785\" aria-describedby=\"caption-attachment-785\" style=\"width: 253px\" class=\"wp-caption alignnone\"><img loading=\"lazy\" decoding=\"async\" class=\"size-full wp-image-785\" src=\"https:\/\/wp.catedu.es\/cpjuandelanuza\/wp-content\/uploads\/sites\/245\/2025\/02\/La-Correspondencia-de-Aragon-3-de-enero-de-1911-1.png\" alt=\"\" width=\"253\" height=\"153\" \/><figcaption id=\"caption-attachment-785\" class=\"wp-caption-text\">La Correspondencia de Arag\u00f3n, 3 de enero de 1911<\/figcaption><\/figure>\n<p>A finales del mes de enero de 1911 lleg\u00f3 la luz al edificio:<\/p>\n<figure id=\"attachment_786\" aria-describedby=\"caption-attachment-786\" style=\"width: 244px\" class=\"wp-caption alignnone\"><img loading=\"lazy\" decoding=\"async\" class=\"size-full wp-image-786\" src=\"https:\/\/wp.catedu.es\/cpjuandelanuza\/wp-content\/uploads\/sites\/245\/2025\/02\/Diario-de-avisos-27-de-enero-de-1911.png\" alt=\"\" width=\"244\" height=\"54\" \/><figcaption id=\"caption-attachment-786\" class=\"wp-caption-text\">Diario de avisos, 27 de enero de 1911<\/figcaption><\/figure>\n<p>En 1911 se reuni\u00f3 una comisi\u00f3n del Ayuntamiento para decidir como iba a estar organizado el centro:<\/p>\n<figure id=\"attachment_695\" aria-describedby=\"caption-attachment-695\" style=\"width: 448px\" class=\"wp-caption alignnone\"><img loading=\"lazy\" decoding=\"async\" class=\"size-full wp-image-695\" src=\"https:\/\/wp.catedu.es\/cpjuandelanuza\/wp-content\/uploads\/sites\/245\/2025\/02\/Heraldo-23-de-febrero-de-1911-ORGANIZACION-CENTRO.png\" alt=\"\" width=\"448\" height=\"306\" srcset=\"https:\/\/wp.catedu.es\/cpjuandelanuza\/wp-content\/uploads\/sites\/245\/2025\/02\/Heraldo-23-de-febrero-de-1911-ORGANIZACION-CENTRO.png 448w, https:\/\/wp.catedu.es\/cpjuandelanuza\/wp-content\/uploads\/sites\/245\/2025\/02\/Heraldo-23-de-febrero-de-1911-ORGANIZACION-CENTRO-300x205.png 300w\" sizes=\"auto, (max-width: 448px) 100vw, 448px\" \/><figcaption id=\"caption-attachment-695\" class=\"wp-caption-text\">Heraldo 23 de febrero de 1911<\/figcaption><\/figure>\n<p>En las elecciones provinciales de marzo de 1911 fue colegio electoral por primera vez. Es decir, se uso como colegio electoral antes de ser inaugurado con alumnado.<\/p>\n<p>A finales de marzo de 1911 se aprobaba el traslado del alumnado de varias escuelas municipales al nuevo edificio (las escuelas de la calle Est\u00e9banes, calle Pignatelli y Plaza de la Libertad).\u00a0<\/p>\n<figure id=\"attachment_787\" aria-describedby=\"caption-attachment-787\" style=\"width: 231px\" class=\"wp-caption alignnone\"><img loading=\"lazy\" decoding=\"async\" class=\"size-full wp-image-787\" src=\"https:\/\/wp.catedu.es\/cpjuandelanuza\/wp-content\/uploads\/sites\/245\/2025\/02\/Heraldo-30-de-marzo-de-1911.png\" alt=\"\" width=\"231\" height=\"32\" \/><figcaption id=\"caption-attachment-787\" class=\"wp-caption-text\">Heraldo 30 de marzo de 1911<\/figcaption><\/figure>\n<p>Finalmente, el traslado se realiz\u00f3 a principios del mes de mayo. El 24 de ese mes se celebraron los primeros ex\u00e1menes de p\u00e1rvulos. Se examinaron 21 ni\u00f1as.<\/p>\n<figure id=\"attachment_788\" aria-describedby=\"caption-attachment-788\" style=\"width: 229px\" class=\"wp-caption alignnone\"><img loading=\"lazy\" decoding=\"async\" class=\"size-full wp-image-788\" src=\"https:\/\/wp.catedu.es\/cpjuandelanuza\/wp-content\/uploads\/sites\/245\/2025\/02\/Heraldo-2-de-mayo-de-1911.png\" alt=\"\" width=\"229\" height=\"216\" \/><figcaption id=\"caption-attachment-788\" class=\"wp-caption-text\">Heraldo, 2 de mayo de 1911<\/figcaption><\/figure>\n<p>En esta noticia de 1913 podemos leer como era el grupo Escolar del Buen Pastor.<\/p>\n<figure id=\"attachment_506\" aria-describedby=\"caption-attachment-506\" style=\"width: 243px\" class=\"wp-caption alignnone\"><img loading=\"lazy\" decoding=\"async\" class=\"size-full wp-image-506\" src=\"https:\/\/wp.catedu.es\/cpjuandelanuza\/wp-content\/uploads\/sites\/245\/2025\/01\/Diario-de-avisos-7-de-enero-de-1913.png\" alt=\"\" width=\"243\" height=\"616\" srcset=\"https:\/\/wp.catedu.es\/cpjuandelanuza\/wp-content\/uploads\/sites\/245\/2025\/01\/Diario-de-avisos-7-de-enero-de-1913.png 243w, https:\/\/wp.catedu.es\/cpjuandelanuza\/wp-content\/uploads\/sites\/245\/2025\/01\/Diario-de-avisos-7-de-enero-de-1913-118x300.png 118w\" sizes=\"auto, (max-width: 243px) 100vw, 243px\" \/><figcaption id=\"caption-attachment-506\" class=\"wp-caption-text\">Diario de avisos 7 de enero de 1913<\/figcaption><\/figure>\n<p>La primera directora de la parte graduada del centro fue <a href=\"https:\/\/wp.catedu.es\/cpjuandelanuza\/manuela-juarrero\/\">Do\u00f1a Manuela Juarrero<\/a>, que ven\u00eda de las escuelas de Santa Isabel y que antes hab\u00eda dirigido la escuela de la calle Est\u00e9banes. La parte de p\u00e1rvulos de la escuela de la calle Est\u00e9banes era dirigida por <a href=\"https:\/\/wp.catedu.es\/cpjuandelanuza\/francisca-naval-dona-paca\/\">Do\u00f1a Francisca Naval<\/a>, conocida como \u00abDo\u00f1a Paca\u00bb. Cuando la escuela cerr\u00f3, sus alumnas se trasladaron al recientemente construido edificio de la calle Buen Pastor junto a sus directoras. Do\u00f1a Manuela se ocupaba de las alumnas de 8 a 10 a\u00f1os. Do\u00f1a Julia Para\u00edso era la profesora de las alumnas de 6 a 8 a\u00f1os, do\u00f1a Vicenta Nogueras de 10 a 11 y do\u00f1a Eulogia Lafuente (que dar\u00eda su nombre a otro centro en los alrededores, actualmente CPEPA G\u00f3mez Lafuente) se encargaba de las alumnas de 11 a\u00f1os de edad en adelante. Seg\u00fan la prensa de la \u00e9poca, entre p\u00e1rvulos y escuela graduada hab\u00eda cerca de 1000 alumnos (600 en p\u00e1rvulos en la planta baja y cerca de 400 en la escuela de ni\u00f1as del primer piso).<\/p>\n<figure id=\"attachment_522\" aria-describedby=\"caption-attachment-522\" style=\"width: 411px\" class=\"wp-caption alignnone\"><img loading=\"lazy\" decoding=\"async\" class=\"size-large wp-image-522\" src=\"https:\/\/wp.catedu.es\/cpjuandelanuza\/wp-content\/uploads\/sites\/245\/2025\/01\/7-1-1913-Heraldo-411x1024.png\" alt=\"\" width=\"411\" height=\"1024\" srcset=\"https:\/\/wp.catedu.es\/cpjuandelanuza\/wp-content\/uploads\/sites\/245\/2025\/01\/7-1-1913-Heraldo-411x1024.png 411w, https:\/\/wp.catedu.es\/cpjuandelanuza\/wp-content\/uploads\/sites\/245\/2025\/01\/7-1-1913-Heraldo-120x300.png 120w, https:\/\/wp.catedu.es\/cpjuandelanuza\/wp-content\/uploads\/sites\/245\/2025\/01\/7-1-1913-Heraldo.png 438w\" sizes=\"auto, (max-width: 411px) 100vw, 411px\" \/><figcaption id=\"caption-attachment-522\" class=\"wp-caption-text\">Heraldo de Arag\u00f3n, 7 de enero de 1913<\/figcaption><\/figure>\n<figure id=\"attachment_505\" aria-describedby=\"caption-attachment-505\" style=\"width: 226px\" class=\"wp-caption alignnone\"><img loading=\"lazy\" decoding=\"async\" class=\"size-full wp-image-505\" src=\"https:\/\/wp.catedu.es\/cpjuandelanuza\/wp-content\/uploads\/sites\/245\/2025\/01\/heraldo-18-de-abril-de-1914.png\" alt=\"\" width=\"226\" height=\"230\" \/><figcaption id=\"caption-attachment-505\" class=\"wp-caption-text\">Heraldo 18 de abril de 1914<\/figcaption><\/figure>\n<figure id=\"attachment_508\" aria-describedby=\"caption-attachment-508\" style=\"width: 688px\" class=\"wp-caption alignnone\"><img loading=\"lazy\" decoding=\"async\" class=\"size-full wp-image-508\" src=\"https:\/\/wp.catedu.es\/cpjuandelanuza\/wp-content\/uploads\/sites\/245\/2025\/01\/Heraldo-14-de-abril-de-1914.png\" alt=\"\" width=\"688\" height=\"551\" srcset=\"https:\/\/wp.catedu.es\/cpjuandelanuza\/wp-content\/uploads\/sites\/245\/2025\/01\/Heraldo-14-de-abril-de-1914.png 688w, https:\/\/wp.catedu.es\/cpjuandelanuza\/wp-content\/uploads\/sites\/245\/2025\/01\/Heraldo-14-de-abril-de-1914-300x240.png 300w\" sizes=\"auto, (max-width: 688px) 100vw, 688px\" \/><figcaption id=\"caption-attachment-508\" class=\"wp-caption-text\">Heraldo 14 de abril de 1914 informaba de la visita del ministro de Instrucci\u00f3n p\u00fablica, se\u00f1or Bergam\u00edn, al grupo escolar del Buen Pastor<\/figcaption><\/figure>\n<p><img loading=\"lazy\" decoding=\"async\" class=\"alignnone size-full wp-image-509\" src=\"https:\/\/wp.catedu.es\/cpjuandelanuza\/wp-content\/uploads\/sites\/245\/2025\/01\/Heraldo-14-de-abril-de-1914-2.png\" alt=\"\" width=\"226\" height=\"844\" srcset=\"https:\/\/wp.catedu.es\/cpjuandelanuza\/wp-content\/uploads\/sites\/245\/2025\/01\/Heraldo-14-de-abril-de-1914-2.png 226w, https:\/\/wp.catedu.es\/cpjuandelanuza\/wp-content\/uploads\/sites\/245\/2025\/01\/Heraldo-14-de-abril-de-1914-2-80x300.png 80w\" sizes=\"auto, (max-width: 226px) 100vw, 226px\" \/><\/p>\n<p>La directora de la parte graduada de la escuela, Manuela Juarrero (nacida en 1885), en unas memorias de final de curso conservadas en el Archivo Municipal de Zaragoza, criticaba la educaci\u00f3n recibida por las ni\u00f1as: \u00ab&#8230; <em>mucho libro, muchas lecciones, mucho encaje, mucho bordado y ninguna aptitud para ser una mujer fuerte, ninguna iniciativa para resolver los problemas de la vida, ninguna traza para conjurar tempestades dom\u00e9sticas, ninguna varita de virtudes para convertir las pesetas en duros, ni don ninguno para mejorar la condici\u00f3n econ\u00f3mica de la familia\u00bb<\/em>.\u00a0<\/p>\n<p>En 1919 se inauguraban las cantinas escolares (el comedor) del Grupo Escolar de Do\u00f1a Mar\u00eda D\u00edaz Lizardi en su actual ubicaci\u00f3n de la calle Buen Pastor. Curiosamente, en su etapa de Colegio P\u00fablico no contaba con comedor escolar en el centro y las alumnas ten\u00edan que trasladarse a comer a un comedor de monjas cercano.<\/p>\n<figure id=\"attachment_498\" aria-describedby=\"caption-attachment-498\" style=\"width: 155px\" class=\"wp-caption alignnone\"><img loading=\"lazy\" decoding=\"async\" class=\"size-full wp-image-498\" src=\"https:\/\/wp.catedu.es\/cpjuandelanuza\/wp-content\/uploads\/sites\/245\/2025\/01\/heraldo-9-de-diciembre-de-1919.png\" alt=\"\" width=\"155\" height=\"849\" srcset=\"https:\/\/wp.catedu.es\/cpjuandelanuza\/wp-content\/uploads\/sites\/245\/2025\/01\/heraldo-9-de-diciembre-de-1919.png 155w, https:\/\/wp.catedu.es\/cpjuandelanuza\/wp-content\/uploads\/sites\/245\/2025\/01\/heraldo-9-de-diciembre-de-1919-55x300.png 55w\" sizes=\"auto, (max-width: 155px) 100vw, 155px\" \/><figcaption id=\"caption-attachment-498\" class=\"wp-caption-text\">Heraldo de Arag\u00f3n 9 de diciembre de 1919<\/figcaption><\/figure>\n<p>\u00a0<\/p>\n<figure id=\"attachment_685\" aria-describedby=\"caption-attachment-685\" style=\"width: 207px\" class=\"wp-caption alignnone\"><img loading=\"lazy\" decoding=\"async\" class=\"size-large wp-image-685\" src=\"https:\/\/wp.catedu.es\/cpjuandelanuza\/wp-content\/uploads\/sites\/245\/2025\/02\/Heraldo-9-de-diciembre-de-1919-cantina-207x1024.png\" alt=\"\" width=\"207\" height=\"1024\" \/><figcaption id=\"caption-attachment-685\" class=\"wp-caption-text\">Heraldo 9 de diciembre de 1919<\/figcaption><\/figure>\n<p>La noticia de la inauguraci\u00f3n de la cantina se repet\u00eda cada a\u00f1o en la prensa. En 1926 daba servicio a un total de 30 p\u00e1rvulos, 12 ni\u00f1os y 18 ni\u00f1as. Esta cantidad fue aumentando a\u00f1o a a\u00f1o.<\/p>\n<figure id=\"attachment_456\" aria-describedby=\"caption-attachment-456\" style=\"width: 440px\" class=\"wp-caption alignnone\"><img loading=\"lazy\" decoding=\"async\" class=\"wp-image-456 size-full\" src=\"https:\/\/wp.catedu.es\/cpjuandelanuza\/wp-content\/uploads\/sites\/245\/2025\/01\/5-de-noviembre-1927.png\" alt=\"\" width=\"440\" height=\"418\" srcset=\"https:\/\/wp.catedu.es\/cpjuandelanuza\/wp-content\/uploads\/sites\/245\/2025\/01\/5-de-noviembre-1927.png 440w, https:\/\/wp.catedu.es\/cpjuandelanuza\/wp-content\/uploads\/sites\/245\/2025\/01\/5-de-noviembre-1927-300x285.png 300w\" sizes=\"auto, (max-width: 440px) 100vw, 440px\" \/><figcaption id=\"caption-attachment-456\" class=\"wp-caption-text\">Noticia del Heraldo de Arag\u00f3n de 1926<\/figcaption><\/figure>\n<figure id=\"attachment_458\" aria-describedby=\"caption-attachment-458\" style=\"width: 494px\" class=\"wp-caption alignnone\"><img loading=\"lazy\" decoding=\"async\" class=\"size-full wp-image-458\" src=\"https:\/\/wp.catedu.es\/cpjuandelanuza\/wp-content\/uploads\/sites\/245\/2025\/01\/el-noticiero-4-de-noviembre-de-1926.png\" alt=\"\" width=\"494\" height=\"1006\" srcset=\"https:\/\/wp.catedu.es\/cpjuandelanuza\/wp-content\/uploads\/sites\/245\/2025\/01\/el-noticiero-4-de-noviembre-de-1926.png 494w, https:\/\/wp.catedu.es\/cpjuandelanuza\/wp-content\/uploads\/sites\/245\/2025\/01\/el-noticiero-4-de-noviembre-de-1926-147x300.png 147w\" sizes=\"auto, (max-width: 494px) 100vw, 494px\" \/><figcaption id=\"caption-attachment-458\" class=\"wp-caption-text\">El noticiero, 4 de noviembre de 1926, en el que se describen como eran las reci\u00e9n inauguradas cantinas escolares.<\/figcaption><\/figure>\n<figure id=\"attachment_459\" aria-describedby=\"caption-attachment-459\" style=\"width: 432px\" class=\"wp-caption alignnone\"><img loading=\"lazy\" decoding=\"async\" class=\"size-large wp-image-459\" src=\"https:\/\/wp.catedu.es\/cpjuandelanuza\/wp-content\/uploads\/sites\/245\/2025\/01\/Screenshot-2025-01-25-at-08.56.55-432x1024.png\" alt=\"\" width=\"432\" height=\"1024\" srcset=\"https:\/\/wp.catedu.es\/cpjuandelanuza\/wp-content\/uploads\/sites\/245\/2025\/01\/Screenshot-2025-01-25-at-08.56.55-432x1024.png 432w, https:\/\/wp.catedu.es\/cpjuandelanuza\/wp-content\/uploads\/sites\/245\/2025\/01\/Screenshot-2025-01-25-at-08.56.55-127x300.png 127w, https:\/\/wp.catedu.es\/cpjuandelanuza\/wp-content\/uploads\/sites\/245\/2025\/01\/Screenshot-2025-01-25-at-08.56.55.png 450w\" sizes=\"auto, (max-width: 432px) 100vw, 432px\" \/><figcaption id=\"caption-attachment-459\" class=\"wp-caption-text\">En esta noticia de Heraldo del 15 de noviembre de 1928 se nombra a la cantina del colegio y a las se\u00f1orita encargada de ella, adem\u00e1s de las plazas disponibles.<\/figcaption><\/figure>\n<div class=\"mceTemp\">\u00a0<\/div>\n<p>En este recorte podemos hacernos una idea de como era la escuela en 1919: los p\u00e1rvulos, tras las quejas de los vecinos, no sal\u00edan al recreo, sino que se quedaban en sus aulas. Adem\u00e1s, as\u00ed evitaban ser heridos por los objetos que ca\u00edan desde los pisos adyacentes.<\/p>\n<figure id=\"attachment_600\" aria-describedby=\"caption-attachment-600\" style=\"width: 371px\" class=\"wp-caption alignnone\"><img loading=\"lazy\" decoding=\"async\" class=\" wp-image-600\" src=\"https:\/\/wp.catedu.es\/cpjuandelanuza\/wp-content\/uploads\/sites\/245\/2025\/01\/El-Noticiero-26-de-junio-de-1919-278x1024.png\" alt=\"\" width=\"371\" height=\"1366\" \/><figcaption id=\"caption-attachment-600\" class=\"wp-caption-text\">El Noticiero 26 de junio de 1919<\/figcaption><\/figure>\n<p>Aqu\u00ed podemos ver la asistencia en 1920:<\/p>\n<figure id=\"attachment_693\" aria-describedby=\"caption-attachment-693\" style=\"width: 416px\" class=\"wp-caption alignnone\"><img loading=\"lazy\" decoding=\"async\" class=\"size-full wp-image-693\" src=\"https:\/\/wp.catedu.es\/cpjuandelanuza\/wp-content\/uploads\/sites\/245\/2025\/02\/Diario-de-avisos-de-Zaragoza-8-de-mayo-de-1920-ASISTENCIA.png\" alt=\"\" width=\"416\" height=\"140\" srcset=\"https:\/\/wp.catedu.es\/cpjuandelanuza\/wp-content\/uploads\/sites\/245\/2025\/02\/Diario-de-avisos-de-Zaragoza-8-de-mayo-de-1920-ASISTENCIA.png 416w, https:\/\/wp.catedu.es\/cpjuandelanuza\/wp-content\/uploads\/sites\/245\/2025\/02\/Diario-de-avisos-de-Zaragoza-8-de-mayo-de-1920-ASISTENCIA-300x101.png 300w\" sizes=\"auto, (max-width: 416px) 100vw, 416px\" \/><figcaption id=\"caption-attachment-693\" class=\"wp-caption-text\">Diario de avisos de Zaragoza 8 de mayo de 1920<\/figcaption><\/figure>\n<p>En 1924 fallece el portero de entonces, Enrique Malo.<\/p>\n<p>En 1926, la escuela particip\u00f3 en una muestra de trabajos que expusieron para que toda Zaragoza pudiera examinarlos.<\/p>\n<figure id=\"attachment_500\" aria-describedby=\"caption-attachment-500\" style=\"width: 227px\" class=\"wp-caption alignnone\"><img loading=\"lazy\" decoding=\"async\" class=\"size-full wp-image-500\" src=\"https:\/\/wp.catedu.es\/cpjuandelanuza\/wp-content\/uploads\/sites\/245\/2025\/01\/La-Voz-de-Aragon-6-de-marzo-de-1926.png\" alt=\"\" width=\"227\" height=\"179\" \/><figcaption id=\"caption-attachment-500\" class=\"wp-caption-text\">La Voz de Arag\u00f3n 6 de marzo de 1926<\/figcaption><\/figure>\n<p>En 1926 y 27 fallecieron sucesivamente la directora de la parte graduada de la escuela, Manuela Juarrero y la de p\u00e1rvulos Francisca Naval. A la primera la sustituy\u00f3 Mar\u00eda Cruz Mayayo, sobrina de do\u00f1a Ana Mayayo y a la segunda la sustituy\u00f3 do\u00f1a <a href=\"https:\/\/wp.catedu.es\/cpjuandelanuza\/raimunda-castellano\/\">Raimunda Castellano<\/a>, que ven\u00eda de ser directora de la escuela de p\u00e1rvulos del Arrabal tras haber sido maestra en Quinto.<\/p>\n<p>En este recorte de 1931 podemos ver cuanto cobraba una directora de p\u00e1rvulos y sus auxiliares:<\/p>\n<figure id=\"attachment_621\" aria-describedby=\"caption-attachment-621\" style=\"width: 506px\" class=\"wp-caption alignnone\"><img loading=\"lazy\" decoding=\"async\" class=\"size-full wp-image-621\" src=\"https:\/\/wp.catedu.es\/cpjuandelanuza\/wp-content\/uploads\/sites\/245\/2025\/01\/El-noticiero-28-de-noviembre-de-1931.png\" alt=\"\" width=\"506\" height=\"304\" srcset=\"https:\/\/wp.catedu.es\/cpjuandelanuza\/wp-content\/uploads\/sites\/245\/2025\/01\/El-noticiero-28-de-noviembre-de-1931.png 506w, https:\/\/wp.catedu.es\/cpjuandelanuza\/wp-content\/uploads\/sites\/245\/2025\/01\/El-noticiero-28-de-noviembre-de-1931-300x180.png 300w\" sizes=\"auto, (max-width: 506px) 100vw, 506px\" \/><figcaption id=\"caption-attachment-621\" class=\"wp-caption-text\">El noticiero 28 de noviembre de 1931<\/figcaption><\/figure>\n<p>La segunda directora de la parte graduada del \u00abMar\u00eda D\u00edaz\u00bb de la calle Buen Pastor, do\u00f1a <a href=\"https:\/\/wp.catedu.es\/cpjuandelanuza\/maria-cruz-mayayo-aznarez\/\">Mar\u00eda Cruz Mayayo Azn\u00e1rez<\/a>, se jubil\u00f3 en 1963 tras m\u00e1s de 50 a\u00f1os en la docencia.<\/p>\n<figure id=\"attachment_496\" aria-describedby=\"caption-attachment-496\" style=\"width: 170px\" class=\"wp-caption alignnone\"><img loading=\"lazy\" decoding=\"async\" class=\"size-full wp-image-496\" src=\"https:\/\/wp.catedu.es\/cpjuandelanuza\/wp-content\/uploads\/sites\/245\/2025\/01\/El-Noticiero-3-de-mayo-de-1963.png\" alt=\"\" width=\"170\" height=\"862\" srcset=\"https:\/\/wp.catedu.es\/cpjuandelanuza\/wp-content\/uploads\/sites\/245\/2025\/01\/El-Noticiero-3-de-mayo-de-1963.png 170w, https:\/\/wp.catedu.es\/cpjuandelanuza\/wp-content\/uploads\/sites\/245\/2025\/01\/El-Noticiero-3-de-mayo-de-1963-59x300.png 59w\" sizes=\"auto, (max-width: 170px) 100vw, 170px\" \/><figcaption id=\"caption-attachment-496\" class=\"wp-caption-text\">El Noticiero 3 de mayo de 1963<\/figcaption><\/figure>\n<p>El centro pas\u00f3 a ser Escuela Nacional y, m\u00e1s adelante, Colegio P\u00fablico Mar\u00eda D\u00edaz. Desde 1943 se suceden los informes que desaconsejan su uso escolar, debido a su deterioro. A\u00fan as\u00ed, y a base de peque\u00f1as reparaciones y reformas (que se hab\u00edan venido haciendo desde finales de los a\u00f1os 20), funciona como colegio p\u00fablico hasta bien entrados los a\u00f1os 80, los \u00faltimos a\u00f1os con muy poca matr\u00edcula (unos 15 alumnos por clase).<\/p>\n<figure id=\"attachment_681\" aria-describedby=\"caption-attachment-681\" style=\"width: 656px\" class=\"wp-caption alignnone\"><img loading=\"lazy\" decoding=\"async\" class=\"size-full wp-image-681\" src=\"https:\/\/wp.catedu.es\/cpjuandelanuza\/wp-content\/uploads\/sites\/245\/2025\/02\/La-Voz-de-Aragon-5-de-agosto-de-1928-MAYAYO.png\" alt=\"\" width=\"656\" height=\"240\" srcset=\"https:\/\/wp.catedu.es\/cpjuandelanuza\/wp-content\/uploads\/sites\/245\/2025\/02\/La-Voz-de-Aragon-5-de-agosto-de-1928-MAYAYO.png 656w, https:\/\/wp.catedu.es\/cpjuandelanuza\/wp-content\/uploads\/sites\/245\/2025\/02\/La-Voz-de-Aragon-5-de-agosto-de-1928-MAYAYO-300x110.png 300w\" sizes=\"auto, (max-width: 656px) 100vw, 656px\" \/><figcaption id=\"caption-attachment-681\" class=\"wp-caption-text\">La Voz de Arag\u00f3n 5 de agosto de 1928<\/figcaption><\/figure>\n<p>A finales del siglo XX y hasta los a\u00f1os 70 (con parones de por medio) funcion\u00f3 en sus instalaciones una escuela de adultas (<a href=\"https:\/\/wp.catedu.es\/cpjuandelanuza\/la-escuela-municipal-de-aprendizaje\/\">Escuela Municipal de Aprendizaje)<\/a>. Su primera directora fue Dionisia Nogueras Calvo y su auxiliar Pilar Urzola Marin.<\/p>\n<figure id=\"attachment_677\" aria-describedby=\"caption-attachment-677\" style=\"width: 444px\" class=\"wp-caption alignnone\"><img loading=\"lazy\" decoding=\"async\" class=\"size-full wp-image-677\" src=\"https:\/\/wp.catedu.es\/cpjuandelanuza\/wp-content\/uploads\/sites\/245\/2025\/02\/Heraldo-de-Aragon-20-de-septiembre-de-1918-Escuela-nocturna-de-adultas.png\" alt=\"\" width=\"444\" height=\"300\" srcset=\"https:\/\/wp.catedu.es\/cpjuandelanuza\/wp-content\/uploads\/sites\/245\/2025\/02\/Heraldo-de-Aragon-20-de-septiembre-de-1918-Escuela-nocturna-de-adultas.png 444w, https:\/\/wp.catedu.es\/cpjuandelanuza\/wp-content\/uploads\/sites\/245\/2025\/02\/Heraldo-de-Aragon-20-de-septiembre-de-1918-Escuela-nocturna-de-adultas-300x203.png 300w\" sizes=\"auto, (max-width: 444px) 100vw, 444px\" \/><figcaption id=\"caption-attachment-677\" class=\"wp-caption-text\">Heraldo de Arag\u00f3n 20 de septiembre de 1918<\/figcaption><\/figure>\n<p>En las instalaciones del centro no solamente se daban clases, sino que era donde se expon\u00edan los carteles candidatos a cartel de las fiestas del Pilar, se realizaba el sorteo de quintas, era colegio electoral, se efectuaban reclutamientos y llamamientos a soldados de reemplazo, se repart\u00edan ropas y juguetes a los desfavorecidos, se prestaba a las cofrad\u00edas&#8230;<\/p>\n<p><img loading=\"lazy\" decoding=\"async\" class=\"alignnone size-full wp-image-683\" src=\"https:\/\/wp.catedu.es\/cpjuandelanuza\/wp-content\/uploads\/sites\/245\/2025\/02\/Screenshot-2025-01-30-at-11.25.18.png\" alt=\"\" width=\"446\" height=\"438\" srcset=\"https:\/\/wp.catedu.es\/cpjuandelanuza\/wp-content\/uploads\/sites\/245\/2025\/02\/Screenshot-2025-01-30-at-11.25.18.png 446w, https:\/\/wp.catedu.es\/cpjuandelanuza\/wp-content\/uploads\/sites\/245\/2025\/02\/Screenshot-2025-01-30-at-11.25.18-300x295.png 300w\" sizes=\"auto, (max-width: 446px) 100vw, 446px\" \/><\/p>\n<p>Incluso en 1918 fue candidato para albergar un hospital.<\/p>\n<figure id=\"attachment_696\" aria-describedby=\"caption-attachment-696\" style=\"width: 402px\" class=\"wp-caption alignnone\"><img loading=\"lazy\" decoding=\"async\" class=\"size-full wp-image-696\" src=\"https:\/\/wp.catedu.es\/cpjuandelanuza\/wp-content\/uploads\/sites\/245\/2025\/02\/Diario-de-avisos-de-Zaragoza-26-octubde-1918-HOSPITAL.png\" alt=\"\" width=\"402\" height=\"214\" srcset=\"https:\/\/wp.catedu.es\/cpjuandelanuza\/wp-content\/uploads\/sites\/245\/2025\/02\/Diario-de-avisos-de-Zaragoza-26-octubde-1918-HOSPITAL.png 402w, https:\/\/wp.catedu.es\/cpjuandelanuza\/wp-content\/uploads\/sites\/245\/2025\/02\/Diario-de-avisos-de-Zaragoza-26-octubde-1918-HOSPITAL-300x160.png 300w\" sizes=\"auto, (max-width: 402px) 100vw, 402px\" \/><figcaption id=\"caption-attachment-696\" class=\"wp-caption-text\">Diario de avisos de Zaragoza 26 octubde 1918<\/figcaption><\/figure>\n<p>A lo largo de los a\u00f1os hay noticias en prensa de la participaci\u00f3n del colegio en recitales, colonias urbanas&#8230;\u00a0<\/p>\n<figure id=\"attachment_688\" aria-describedby=\"caption-attachment-688\" style=\"width: 524px\" class=\"wp-caption alignnone\"><img loading=\"lazy\" decoding=\"async\" class=\"size-full wp-image-688\" src=\"https:\/\/wp.catedu.es\/cpjuandelanuza\/wp-content\/uploads\/sites\/245\/2025\/02\/El-noticiero-7-de-diciembre-de-1939.png\" alt=\"\" width=\"524\" height=\"270\" srcset=\"https:\/\/wp.catedu.es\/cpjuandelanuza\/wp-content\/uploads\/sites\/245\/2025\/02\/El-noticiero-7-de-diciembre-de-1939.png 524w, https:\/\/wp.catedu.es\/cpjuandelanuza\/wp-content\/uploads\/sites\/245\/2025\/02\/El-noticiero-7-de-diciembre-de-1939-300x155.png 300w\" sizes=\"auto, (max-width: 524px) 100vw, 524px\" \/><figcaption id=\"caption-attachment-688\" class=\"wp-caption-text\">El noticiero 7 de diciembre de 1939<\/figcaption><\/figure>\n<p>\u00a0<\/p>\n<figure id=\"attachment_686\" aria-describedby=\"caption-attachment-686\" style=\"width: 220px\" class=\"wp-caption alignnone\"><img loading=\"lazy\" decoding=\"async\" class=\"size-large wp-image-686\" src=\"https:\/\/wp.catedu.es\/cpjuandelanuza\/wp-content\/uploads\/sites\/245\/2025\/02\/La-voz-de-Aragon-1-de-junio-de-1930-220x1024.png\" alt=\"\" width=\"220\" height=\"1024\" srcset=\"https:\/\/wp.catedu.es\/cpjuandelanuza\/wp-content\/uploads\/sites\/245\/2025\/02\/La-voz-de-Aragon-1-de-junio-de-1930-220x1024.png 220w, https:\/\/wp.catedu.es\/cpjuandelanuza\/wp-content\/uploads\/sites\/245\/2025\/02\/La-voz-de-Aragon-1-de-junio-de-1930.png 298w\" sizes=\"auto, (max-width: 220px) 100vw, 220px\" \/><figcaption id=\"caption-attachment-686\" class=\"wp-caption-text\">La voz de Arag\u00f3n 1 de junio de 1930<\/figcaption><\/figure>\n<p>\u00a0<\/p>\n<figure id=\"attachment_689\" aria-describedby=\"caption-attachment-689\" style=\"width: 516px\" class=\"wp-caption alignnone\"><img loading=\"lazy\" decoding=\"async\" class=\"size-full wp-image-689\" src=\"https:\/\/wp.catedu.es\/cpjuandelanuza\/wp-content\/uploads\/sites\/245\/2025\/02\/El-noticiero-5-de-julio-de-1957.png\" alt=\"\" width=\"516\" height=\"222\" srcset=\"https:\/\/wp.catedu.es\/cpjuandelanuza\/wp-content\/uploads\/sites\/245\/2025\/02\/El-noticiero-5-de-julio-de-1957.png 516w, https:\/\/wp.catedu.es\/cpjuandelanuza\/wp-content\/uploads\/sites\/245\/2025\/02\/El-noticiero-5-de-julio-de-1957-300x129.png 300w\" sizes=\"auto, (max-width: 516px) 100vw, 516px\" \/><figcaption id=\"caption-attachment-689\" class=\"wp-caption-text\">El noticiero 5 de julio de 1957<\/figcaption><\/figure>\n<p>\u00a0<\/p>\n<figure id=\"attachment_691\" aria-describedby=\"caption-attachment-691\" style=\"width: 668px\" class=\"wp-caption alignnone\"><img loading=\"lazy\" decoding=\"async\" class=\"size-full wp-image-691\" src=\"https:\/\/wp.catedu.es\/cpjuandelanuza\/wp-content\/uploads\/sites\/245\/2025\/02\/El-noticiero-30-de-octubre-de-1969.png\" alt=\"\" width=\"668\" height=\"270\" srcset=\"https:\/\/wp.catedu.es\/cpjuandelanuza\/wp-content\/uploads\/sites\/245\/2025\/02\/El-noticiero-30-de-octubre-de-1969.png 668w, https:\/\/wp.catedu.es\/cpjuandelanuza\/wp-content\/uploads\/sites\/245\/2025\/02\/El-noticiero-30-de-octubre-de-1969-300x121.png 300w\" sizes=\"auto, (max-width: 668px) 100vw, 668px\" \/><figcaption id=\"caption-attachment-691\" class=\"wp-caption-text\">El noticiero 30 de octubre de 1969<\/figcaption><\/figure>\n<figure id=\"attachment_709\" aria-describedby=\"caption-attachment-709\" style=\"width: 465px\" class=\"wp-caption alignnone\"><img loading=\"lazy\" decoding=\"async\" class=\"size-large wp-image-709\" src=\"https:\/\/wp.catedu.es\/cpjuandelanuza\/wp-content\/uploads\/sites\/245\/2025\/02\/El-noticiero-30-de-septiembre-de-1969-465x1024.jpg\" alt=\"\" width=\"465\" height=\"1024\" srcset=\"https:\/\/wp.catedu.es\/cpjuandelanuza\/wp-content\/uploads\/sites\/245\/2025\/02\/El-noticiero-30-de-septiembre-de-1969-465x1024.jpg 465w, https:\/\/wp.catedu.es\/cpjuandelanuza\/wp-content\/uploads\/sites\/245\/2025\/02\/El-noticiero-30-de-septiembre-de-1969-136x300.jpg 136w, https:\/\/wp.catedu.es\/cpjuandelanuza\/wp-content\/uploads\/sites\/245\/2025\/02\/El-noticiero-30-de-septiembre-de-1969.jpg 622w\" sizes=\"auto, (max-width: 465px) 100vw, 465px\" \/><figcaption id=\"caption-attachment-709\" class=\"wp-caption-text\">El noticiero 30 de septiembre de 1969<\/figcaption><\/figure>\n<p>Hasta 1963 no se instal\u00f3 la calefacci\u00f3n.<\/p>\n<figure id=\"attachment_679\" aria-describedby=\"caption-attachment-679\" style=\"width: 506px\" class=\"wp-caption alignnone\"><img loading=\"lazy\" decoding=\"async\" class=\"size-full wp-image-679\" src=\"https:\/\/wp.catedu.es\/cpjuandelanuza\/wp-content\/uploads\/sites\/245\/2025\/02\/El-noticiero-9-de-noviembre-de-1962-Calefaccion.png\" alt=\"\" width=\"506\" height=\"250\" srcset=\"https:\/\/wp.catedu.es\/cpjuandelanuza\/wp-content\/uploads\/sites\/245\/2025\/02\/El-noticiero-9-de-noviembre-de-1962-Calefaccion.png 506w, https:\/\/wp.catedu.es\/cpjuandelanuza\/wp-content\/uploads\/sites\/245\/2025\/02\/El-noticiero-9-de-noviembre-de-1962-Calefaccion-300x148.png 300w\" sizes=\"auto, (max-width: 506px) 100vw, 506px\" \/><figcaption id=\"caption-attachment-679\" class=\"wp-caption-text\">El noticiero 9 de noviembre de 1962<\/figcaption><\/figure>\n<p>Tambi\u00e9n fue sede de distintas campa\u00f1as de vacunaci\u00f3n, como est\u00e1 de 1971.<\/p>\n<figure id=\"attachment_690\" aria-describedby=\"caption-attachment-690\" style=\"width: 560px\" class=\"wp-caption alignnone\"><img loading=\"lazy\" decoding=\"async\" class=\"size-large wp-image-690\" src=\"https:\/\/wp.catedu.es\/cpjuandelanuza\/wp-content\/uploads\/sites\/245\/2025\/02\/Vacunacion.-Aragon-express-21-de-junio-de-1971-754x1024.png\" alt=\"\" width=\"560\" height=\"761\" srcset=\"https:\/\/wp.catedu.es\/cpjuandelanuza\/wp-content\/uploads\/sites\/245\/2025\/02\/Vacunacion.-Aragon-express-21-de-junio-de-1971-754x1024.png 754w, https:\/\/wp.catedu.es\/cpjuandelanuza\/wp-content\/uploads\/sites\/245\/2025\/02\/Vacunacion.-Aragon-express-21-de-junio-de-1971-221x300.png 221w, https:\/\/wp.catedu.es\/cpjuandelanuza\/wp-content\/uploads\/sites\/245\/2025\/02\/Vacunacion.-Aragon-express-21-de-junio-de-1971-768x1043.png 768w, https:\/\/wp.catedu.es\/cpjuandelanuza\/wp-content\/uploads\/sites\/245\/2025\/02\/Vacunacion.-Aragon-express-21-de-junio-de-1971.png 906w\" sizes=\"auto, (max-width: 560px) 100vw, 560px\" \/><figcaption id=\"caption-attachment-690\" class=\"wp-caption-text\">Vacunaci\u00f3n. Arag\u00f3n express 21 de junio de 1971<\/figcaption><\/figure>\n<p>En 1987 fue reconvertido mediante una reforma en Centro de Profesorado.<\/p>\n<p>En esta reforma se renovaron los suelos, la instalaci\u00f3n el\u00e9ctrica y la calefacci\u00f3n del edificio, se remodelaron espacios (las clases de la planta baja dieron paso al sal\u00f3n, las viviendas de maestros y conserjes de la segunda planta se transformaron en aulas&#8230;)&#8230;<\/p>\n<p>La distribuci\u00f3n de los espacios del edificio durante su \u00e9poca de colegio p\u00fablico en los a\u00f1os 70 y 80 era muy distinta a la distribuci\u00f3n actual. Era un colegio de una v\u00eda (una sola clase por curso), con alumnado desde preescolar y E.G.B. Al menos durante los a\u00f1os 70 contaba con coro escolar que realizaban actuaciones por la ciudad.<\/p>\n<p>Hab\u00eda tres puertas de entrada (actualmente hay dos: el ventanal que hay entre ellas se construy\u00f3 en la reforma y se puede observar que los ladrillos son diferentes a los del resto de la fachada).<\/p>\n<p>La zona que actualmente es la conserjer\u00eda, almacenes de material y los despachos del personal de administraci\u00f3n era un aula en la que se atend\u00eda al alumnado con dificultades.<\/p>\n<p><img loading=\"lazy\" decoding=\"async\" class=\"alignnone size-full wp-image-450\" src=\"https:\/\/wp.catedu.es\/cpjuandelanuza\/wp-content\/uploads\/sites\/245\/2025\/01\/Screenshot-2025-01-25-at-08.19.29.png\" alt=\"\" width=\"318\" height=\"462\" srcset=\"https:\/\/wp.catedu.es\/cpjuandelanuza\/wp-content\/uploads\/sites\/245\/2025\/01\/Screenshot-2025-01-25-at-08.19.29.png 318w, https:\/\/wp.catedu.es\/cpjuandelanuza\/wp-content\/uploads\/sites\/245\/2025\/01\/Screenshot-2025-01-25-at-08.19.29-206x300.png 206w\" sizes=\"auto, (max-width: 318px) 100vw, 318px\" \/><\/p>\n<p>La conserjer\u00eda se ubicaba en lo que ahora es el<a href=\"https:\/\/wp.catedu.es\/cpjuandelanuza\/salon\/\"> acceso al sal\u00f3n de actos,<\/a> al que se acced\u00eda por unas escaleras que actualmente son una rampa. El sal\u00f3n de actos estaba dividido horizontalmente en dos aulas (1\u00ba y 2\u00ba de preescolar), conectadas entre s\u00ed. Al fondo hab\u00eda unos ba\u00f1os y a ambos lados, puertas de acceso a los patios de recreo (aunque las alumnas de preescolar pasaban el tiempo de recreo en su clase, debido al reducido tama\u00f1o de los patios).<\/p>\n<p>En patio que da a la iglesia de San Cayetano hab\u00eda (y hay) una puerta que conecta con la iglesia. Las alumnas ten\u00edan prohibido acercarse a ella. Al fondo del patio hay un hueco que usaban de escondite. En ambos patios se conservan las fuentes originales de la fundici\u00f3n Averly y en el de la derecha, adem\u00e1s, la higuera.<\/p>\n<p>Las escaleras conservan el forjado y la barandilla originales. Tambi\u00e9n los radiadores son los originales del colegio, as\u00ed como los armarios de madera que se encuentran en algunos pasillos.<\/p>\n<p>En el primer piso se encontraban tambi\u00e9n las clases de 1\u00ba y 2\u00ba de E.GB. (ahora son despachos de asesor\u00edas de formaci\u00f3n y un almac\u00e9n y taller).<\/p>\n<p>Subiendo las escaleras encontr\u00e1bamos el despacho de la directora y las clases de 3\u00ba, 4\u00ba, 5\u00ba y 6\u00ba en la fachada que da al la calle Buen Pastor y al Mercado Central. En la clase en la que ahora se encuentra la Sala de recursos hab\u00eda una gran imagen religiosa. Las clases estaban conectadas entre si. Los ba\u00f1os actuales coinciden en ubicaci\u00f3n con los del colegio. Junto a los actuales ba\u00f1os de profesores hab\u00eda un a\u00f1adido de madera que conectaba con la iglesia.<\/p>\n<p>En el acceso a lo que ahora es el aula 109 hab\u00eda un descansillo donde permanec\u00edan las alumnas castigadas. El resto de esa zona era la clase de 7\u00ba, que al fondo ten\u00eda unos ba\u00f1os a un lado, un almac\u00e9n donde se guardaban los ex\u00e1menes y un a\u00f1adido o balc\u00f3n que tambi\u00e9n conectaba con la iglesia (este a\u00f1adido se conserva, pero ya no conecta con la iglesia).<\/p>\n<p>Las alumnas no pod\u00edan subir a la segunda planta, donde estaba la vivienda del conserje. Las antiguas viviendas de las maestras estaban deshabitadas excepto una en la que en los \u00faltimos a\u00f1os viv\u00eda un alumno del centro con su familia.<\/p>\n<figure id=\"attachment_471\" aria-describedby=\"caption-attachment-471\" style=\"width: 207px\" class=\"wp-caption alignnone\"><img loading=\"lazy\" decoding=\"async\" class=\"wp-image-471 size-full\" src=\"https:\/\/wp.catedu.es\/cpjuandelanuza\/wp-content\/uploads\/sites\/245\/2025\/01\/la-voz-de-aragon-1-de-julio-de-1925.png\" alt=\"\" width=\"207\" height=\"862\" srcset=\"https:\/\/wp.catedu.es\/cpjuandelanuza\/wp-content\/uploads\/sites\/245\/2025\/01\/la-voz-de-aragon-1-de-julio-de-1925.png 207w, https:\/\/wp.catedu.es\/cpjuandelanuza\/wp-content\/uploads\/sites\/245\/2025\/01\/la-voz-de-aragon-1-de-julio-de-1925-72x300.png 72w\" sizes=\"auto, (max-width: 207px) 100vw, 207px\" \/><figcaption id=\"caption-attachment-471\" class=\"wp-caption-text\">Noticia de La Voz de Arag\u00f3n del 1 de julio de 1925 donde se nombran a maestras y alumnas del Colegio Mar\u00eda D\u00edaz<\/figcaption><\/figure>\n\n\n<figure class=\"wp-block-image size-large\"><img loading=\"lazy\" decoding=\"async\" width=\"723\" height=\"1024\" src=\"https:\/\/wp.catedu.es\/cpjuandelanuza\/wp-content\/uploads\/sites\/245\/2025\/01\/el-noticiero-6-de-noviembre-de-1953-723x1024.jpeg\" alt=\"\" class=\"wp-image-488\" srcset=\"https:\/\/wp.catedu.es\/cpjuandelanuza\/wp-content\/uploads\/sites\/245\/2025\/01\/el-noticiero-6-de-noviembre-de-1953-723x1024.jpeg 723w, https:\/\/wp.catedu.es\/cpjuandelanuza\/wp-content\/uploads\/sites\/245\/2025\/01\/el-noticiero-6-de-noviembre-de-1953-212x300.jpeg 212w, https:\/\/wp.catedu.es\/cpjuandelanuza\/wp-content\/uploads\/sites\/245\/2025\/01\/el-noticiero-6-de-noviembre-de-1953-768x1088.jpeg 768w, https:\/\/wp.catedu.es\/cpjuandelanuza\/wp-content\/uploads\/sites\/245\/2025\/01\/el-noticiero-6-de-noviembre-de-1953-1084x1536.jpeg 1084w, https:\/\/wp.catedu.es\/cpjuandelanuza\/wp-content\/uploads\/sites\/245\/2025\/01\/el-noticiero-6-de-noviembre-de-1953-1445x2048.jpeg 1445w, https:\/\/wp.catedu.es\/cpjuandelanuza\/wp-content\/uploads\/sites\/245\/2025\/01\/el-noticiero-6-de-noviembre-de-1953.jpeg 1654w\" sizes=\"auto, (max-width: 723px) 100vw, 723px\" \/><figcaption class=\"wp-element-caption\">El noticiero 6 de noviembre de 1953<\/figcaption><\/figure>\n","protected":false},"excerpt":{"rendered":"<p>Aqu\u00ed puedes ver una comparativa de los planos originales del edificio (realizados a mano por el arquitecto municipal Ricardo Magdalena en 1907 y que se conservan en el Archivo Municipal de Zaragoza) y de los planos de la reforma de<\/p>\n","protected":false},"author":416,"featured_media":0,"parent":0,"menu_order":0,"comment_status":"closed","ping_status":"closed","template":"","meta":{"footnotes":""},"class_list":["post-42","page","type-page","status-publish","hentry"],"_links":{"self":[{"href":"https:\/\/wp.catedu.es\/cpjuandelanuza\/wp-json\/wp\/v2\/pages\/42","targetHints":{"allow":["GET"]}}],"collection":[{"href":"https:\/\/wp.catedu.es\/cpjuandelanuza\/wp-json\/wp\/v2\/pages"}],"about":[{"href":"https:\/\/wp.catedu.es\/cpjuandelanuza\/wp-json\/wp\/v2\/types\/page"}],"author":[{"embeddable":true,"href":"https:\/\/wp.catedu.es\/cpjuandelanuza\/wp-json\/wp\/v2\/users\/416"}],"replies":[{"embeddable":true,"href":"https:\/\/wp.catedu.es\/cpjuandelanuza\/wp-json\/wp\/v2\/comments?post=42"}],"version-history":[{"count":74,"href":"https:\/\/wp.catedu.es\/cpjuandelanuza\/wp-json\/wp\/v2\/pages\/42\/revisions"}],"predecessor-version":[{"id":877,"href":"https:\/\/wp.catedu.es\/cpjuandelanuza\/wp-json\/wp\/v2\/pages\/42\/revisions\/877"}],"wp:attachment":[{"href":"https:\/\/wp.catedu.es\/cpjuandelanuza\/wp-json\/wp\/v2\/media?parent=42"}],"curies":[{"name":"wp","href":"https:\/\/api.w.org\/{rel}","templated":true}]}}