{"id":612,"date":"2025-01-29T12:10:58","date_gmt":"2025-01-29T11:10:58","guid":{"rendered":"https:\/\/wp.catedu.es\/cpjuandelanuza\/?page_id=612"},"modified":"2025-02-02T13:35:43","modified_gmt":"2025-02-02T12:35:43","slug":"raimunda-castellano","status":"publish","type":"page","link":"https:\/\/wp.catedu.es\/cpjuandelanuza\/raimunda-castellano\/","title":{"rendered":"Raimunda Castellano"},"content":{"rendered":"\n<p>Fue maestra en la escuela de Quinto en 1897.<\/p>\n\n\n\n<figure class=\"wp-block-image size-large\"><img loading=\"lazy\" decoding=\"async\" width=\"1024\" height=\"78\" src=\"https:\/\/wp.catedu.es\/cpjuandelanuza\/wp-content\/uploads\/sites\/245\/2025\/01\/Diario-de-Zaragoza-21-de-junio-de-1897-1024x78.png\" alt=\"\" class=\"wp-image-613\" srcset=\"https:\/\/wp.catedu.es\/cpjuandelanuza\/wp-content\/uploads\/sites\/245\/2025\/01\/Diario-de-Zaragoza-21-de-junio-de-1897-1024x78.png 1024w, https:\/\/wp.catedu.es\/cpjuandelanuza\/wp-content\/uploads\/sites\/245\/2025\/01\/Diario-de-Zaragoza-21-de-junio-de-1897-300x23.png 300w, https:\/\/wp.catedu.es\/cpjuandelanuza\/wp-content\/uploads\/sites\/245\/2025\/01\/Diario-de-Zaragoza-21-de-junio-de-1897-768x58.png 768w, https:\/\/wp.catedu.es\/cpjuandelanuza\/wp-content\/uploads\/sites\/245\/2025\/01\/Diario-de-Zaragoza-21-de-junio-de-1897-1536x116.png 1536w, https:\/\/wp.catedu.es\/cpjuandelanuza\/wp-content\/uploads\/sites\/245\/2025\/01\/Diario-de-Zaragoza-21-de-junio-de-1897.png 2032w\" sizes=\"auto, (max-width: 1024px) 100vw, 1024px\" \/><figcaption class=\"wp-element-caption\">Diario de Zaragoza 21 de junio de 1897<\/figcaption><\/figure>\n\n\n\n<p>En 1900 dirig\u00eda la escuela de p\u00e1rvulos de la plaza de la Libertad y en 1924 la del Arrabal de la calle Villacampa.<\/p>\n\n\n\n<figure class=\"wp-block-image size-full\"><img loading=\"lazy\" decoding=\"async\" width=\"518\" height=\"232\" src=\"https:\/\/wp.catedu.es\/cpjuandelanuza\/wp-content\/uploads\/sites\/245\/2025\/01\/Diario-de-avisos-21-de-junio-de-1900.png\" alt=\"\" class=\"wp-image-626\" srcset=\"https:\/\/wp.catedu.es\/cpjuandelanuza\/wp-content\/uploads\/sites\/245\/2025\/01\/Diario-de-avisos-21-de-junio-de-1900.png 518w, https:\/\/wp.catedu.es\/cpjuandelanuza\/wp-content\/uploads\/sites\/245\/2025\/01\/Diario-de-avisos-21-de-junio-de-1900-300x134.png 300w\" sizes=\"auto, (max-width: 518px) 100vw, 518px\" \/><figcaption class=\"wp-element-caption\">Diario de avisos 21 de junio de 1900<\/figcaption><\/figure>\n\n\n\n<figure class=\"wp-block-image size-full\"><img loading=\"lazy\" decoding=\"async\" width=\"438\" height=\"246\" src=\"https:\/\/wp.catedu.es\/cpjuandelanuza\/wp-content\/uploads\/sites\/245\/2025\/01\/Diario-de-avisos-14-de-julio-de-1924.png\" alt=\"\" class=\"wp-image-614\" srcset=\"https:\/\/wp.catedu.es\/cpjuandelanuza\/wp-content\/uploads\/sites\/245\/2025\/01\/Diario-de-avisos-14-de-julio-de-1924.png 438w, https:\/\/wp.catedu.es\/cpjuandelanuza\/wp-content\/uploads\/sites\/245\/2025\/01\/Diario-de-avisos-14-de-julio-de-1924-300x168.png 300w\" sizes=\"auto, (max-width: 438px) 100vw, 438px\" \/><figcaption class=\"wp-element-caption\">Diario de avisos 14 de julio de 1924<\/figcaption><\/figure>\n\n\n\n<p>En 1927, tras el fallecimiento de la directora de p\u00e1rvulos de Buen Pastor <a href=\"https:\/\/wp.catedu.es\/cpjuandelanuza\/francisca-naval-dona-paca\/\">Francisca Naval<\/a>, se le encarga a ella su direcci\u00f3n, que ejerci\u00f3 hasta su jubilaci\u00f3n, casi 20 a\u00f1os despu\u00e9s.<\/p>\n\n\n\n<figure class=\"wp-block-image size-full\"><img loading=\"lazy\" decoding=\"async\" width=\"628\" height=\"114\" src=\"https:\/\/wp.catedu.es\/cpjuandelanuza\/wp-content\/uploads\/sites\/245\/2025\/01\/La-voz-de-Aragon-21-de-diciembre-de-1927.png\" alt=\"\" class=\"wp-image-616\" srcset=\"https:\/\/wp.catedu.es\/cpjuandelanuza\/wp-content\/uploads\/sites\/245\/2025\/01\/La-voz-de-Aragon-21-de-diciembre-de-1927.png 628w, https:\/\/wp.catedu.es\/cpjuandelanuza\/wp-content\/uploads\/sites\/245\/2025\/01\/La-voz-de-Aragon-21-de-diciembre-de-1927-300x54.png 300w\" sizes=\"auto, (max-width: 628px) 100vw, 628px\" \/><figcaption class=\"wp-element-caption\">La voz de Arag\u00f3n 21 de diciembre de 1927<\/figcaption><\/figure>\n\n\n\n<figure class=\"wp-block-image size-full\"><img loading=\"lazy\" decoding=\"async\" width=\"634\" height=\"174\" src=\"https:\/\/wp.catedu.es\/cpjuandelanuza\/wp-content\/uploads\/sites\/245\/2025\/02\/La-Voz-de-Aragon-18-de-diciembre-de-1927-Raimunda-Castellano.png\" alt=\"\" class=\"wp-image-701\" srcset=\"https:\/\/wp.catedu.es\/cpjuandelanuza\/wp-content\/uploads\/sites\/245\/2025\/02\/La-Voz-de-Aragon-18-de-diciembre-de-1927-Raimunda-Castellano.png 634w, https:\/\/wp.catedu.es\/cpjuandelanuza\/wp-content\/uploads\/sites\/245\/2025\/02\/La-Voz-de-Aragon-18-de-diciembre-de-1927-Raimunda-Castellano-300x82.png 300w\" sizes=\"auto, (max-width: 634px) 100vw, 634px\" \/><figcaption class=\"wp-element-caption\">La Voz de Arag\u00f3n 18 de diciembre de 1927 <\/figcaption><\/figure>\n\n\n\n<figure class=\"wp-block-image size-large\"><img loading=\"lazy\" decoding=\"async\" width=\"563\" height=\"1024\" src=\"https:\/\/wp.catedu.es\/cpjuandelanuza\/wp-content\/uploads\/sites\/245\/2025\/01\/El-Noticiero-4-de-julio-de-1930-563x1024.png\" alt=\"\" class=\"wp-image-623\" srcset=\"https:\/\/wp.catedu.es\/cpjuandelanuza\/wp-content\/uploads\/sites\/245\/2025\/01\/El-Noticiero-4-de-julio-de-1930-563x1024.png 563w, https:\/\/wp.catedu.es\/cpjuandelanuza\/wp-content\/uploads\/sites\/245\/2025\/01\/El-Noticiero-4-de-julio-de-1930-165x300.png 165w, https:\/\/wp.catedu.es\/cpjuandelanuza\/wp-content\/uploads\/sites\/245\/2025\/01\/El-Noticiero-4-de-julio-de-1930.png 576w\" sizes=\"auto, (max-width: 563px) 100vw, 563px\" \/><figcaption class=\"wp-element-caption\">El Noticiero 4 de julio de 1930<\/figcaption><\/figure>\n\n\n\n<p>Se jubil\u00f3 en 1940, tras 39 a\u00f1os de servicios en Zaragoza capital.<\/p>\n\n\n\n<figure class=\"wp-block-image size-full\"><img loading=\"lazy\" decoding=\"async\" width=\"538\" height=\"478\" src=\"https:\/\/wp.catedu.es\/cpjuandelanuza\/wp-content\/uploads\/sites\/245\/2025\/01\/El-noticiero-21-de-marzo-de-1940.png\" alt=\"\" class=\"wp-image-618\" srcset=\"https:\/\/wp.catedu.es\/cpjuandelanuza\/wp-content\/uploads\/sites\/245\/2025\/01\/El-noticiero-21-de-marzo-de-1940.png 538w, https:\/\/wp.catedu.es\/cpjuandelanuza\/wp-content\/uploads\/sites\/245\/2025\/01\/El-noticiero-21-de-marzo-de-1940-300x267.png 300w\" sizes=\"auto, (max-width: 538px) 100vw, 538px\" \/><figcaption class=\"wp-element-caption\">El noticiero 21 de marzo de 1940<\/figcaption><\/figure>\n\n\n\n<figure class=\"wp-block-image size-full\"><img loading=\"lazy\" decoding=\"async\" width=\"436\" height=\"252\" src=\"https:\/\/wp.catedu.es\/cpjuandelanuza\/wp-content\/uploads\/sites\/245\/2025\/01\/Amanecer-21-de-marzo-de-1940.png\" alt=\"\" class=\"wp-image-649\" srcset=\"https:\/\/wp.catedu.es\/cpjuandelanuza\/wp-content\/uploads\/sites\/245\/2025\/01\/Amanecer-21-de-marzo-de-1940.png 436w, https:\/\/wp.catedu.es\/cpjuandelanuza\/wp-content\/uploads\/sites\/245\/2025\/01\/Amanecer-21-de-marzo-de-1940-300x173.png 300w\" sizes=\"auto, (max-width: 436px) 100vw, 436px\" \/><figcaption class=\"wp-element-caption\">Amanecer 21 de marzo de 1940<\/figcaption><\/figure>\n\n\n\n<p>Falleci\u00f3 el 13 de julio de 1944.<\/p>\n\n\n\n<figure class=\"wp-block-image size-full\"><img loading=\"lazy\" decoding=\"async\" width=\"988\" height=\"506\" src=\"https:\/\/wp.catedu.es\/cpjuandelanuza\/wp-content\/uploads\/sites\/245\/2025\/01\/Screenshot-2025-01-29-at-11.56.28.png\" alt=\"\" class=\"wp-image-615\" srcset=\"https:\/\/wp.catedu.es\/cpjuandelanuza\/wp-content\/uploads\/sites\/245\/2025\/01\/Screenshot-2025-01-29-at-11.56.28.png 988w, https:\/\/wp.catedu.es\/cpjuandelanuza\/wp-content\/uploads\/sites\/245\/2025\/01\/Screenshot-2025-01-29-at-11.56.28-300x154.png 300w, https:\/\/wp.catedu.es\/cpjuandelanuza\/wp-content\/uploads\/sites\/245\/2025\/01\/Screenshot-2025-01-29-at-11.56.28-768x393.png 768w\" sizes=\"auto, (max-width: 988px) 100vw, 988px\" \/><figcaption class=\"wp-element-caption\">El noticiero 15 de julio de 1944<\/figcaption><\/figure>\n","protected":false},"excerpt":{"rendered":"<p>Fue maestra en la escuela de Quinto en 1897. En 1900 dirig\u00eda la escuela de p\u00e1rvulos de la plaza de la Libertad y en 1924 la del Arrabal de la calle Villacampa. En 1927, tras el fallecimiento de la directora<\/p>\n","protected":false},"author":416,"featured_media":0,"parent":0,"menu_order":0,"comment_status":"closed","ping_status":"closed","template":"","meta":{"footnotes":""},"class_list":["post-612","page","type-page","status-publish","hentry"],"_links":{"self":[{"href":"https:\/\/wp.catedu.es\/cpjuandelanuza\/wp-json\/wp\/v2\/pages\/612","targetHints":{"allow":["GET"]}}],"collection":[{"href":"https:\/\/wp.catedu.es\/cpjuandelanuza\/wp-json\/wp\/v2\/pages"}],"about":[{"href":"https:\/\/wp.catedu.es\/cpjuandelanuza\/wp-json\/wp\/v2\/types\/page"}],"author":[{"embeddable":true,"href":"https:\/\/wp.catedu.es\/cpjuandelanuza\/wp-json\/wp\/v2\/users\/416"}],"replies":[{"embeddable":true,"href":"https:\/\/wp.catedu.es\/cpjuandelanuza\/wp-json\/wp\/v2\/comments?post=612"}],"version-history":[{"count":6,"href":"https:\/\/wp.catedu.es\/cpjuandelanuza\/wp-json\/wp\/v2\/pages\/612\/revisions"}],"predecessor-version":[{"id":702,"href":"https:\/\/wp.catedu.es\/cpjuandelanuza\/wp-json\/wp\/v2\/pages\/612\/revisions\/702"}],"wp:attachment":[{"href":"https:\/\/wp.catedu.es\/cpjuandelanuza\/wp-json\/wp\/v2\/media?parent=612"}],"curies":[{"name":"wp","href":"https:\/\/api.w.org\/{rel}","templated":true}]}}