{"id":272,"date":"2020-04-13T09:53:54","date_gmt":"2020-04-13T08:53:54","guid":{"rendered":"http:\/\/wp.catedu.es\/escuelaruralencasa\/?page_id=272"},"modified":"2020-04-15T18:46:10","modified_gmt":"2020-04-15T17:46:10","slug":"brecha-idiomatica","status":"publish","type":"page","link":"https:\/\/wp.catedu.es\/escuelaruralencasa\/recursos-y-metodologia\/brecha-idiomatica\/","title":{"rendered":"Brecha idiom\u00e1tica"},"content":{"rendered":"<p>Solicitar el <a href=\"https:\/\/drive.google.com\/file\/d\/1IBNBL32wwHjwE69sBfnEM6OS2AVVhm8j\/view?usp=sharing\">servicio de interpretaci\u00f3n telef\u00f3nica<\/a> de la Direcci\u00f3n General de Cooperaci\u00f3n al Desarrollo e Inmigraci\u00f3n del Gobierno de Arag\u00f3n para facilitar la comunicaci\u00f3n con las personas de habla no hispana.<\/p>\n<p><a href=\"http:\/\/wp.catedu.es\/escuelaruralencasa\/wp-content\/uploads\/sites\/189\/2020\/04\/Servicio-de-Interpretaci\u00f3n-1-1.pdf\" target=\"_blank\" rel=\"noopener noreferrer\"><strong>Descargar documento<\/strong><\/a><\/p>\n<div style=\"text-align: center;\">\n<div style=\"margin: 8px 0px 4px;\"><a href=\"https:\/\/www.calameo.com\/books\/006220039446cf8a80c77\" target=\"_blank\" rel=\"noopener noreferrer\">Servicio De Interpretaci\u00f3n (1).<\/a><\/div>\n<p><iframe loading=\"lazy\" style=\"margin: 0 auto;\" src=\"\/\/v.calameo.com\/?bkcode=006220039446cf8a80c77&amp;mode=viewer&amp;view=scroll\" width=\"100%\" height=\"500\" frameborder=\"0\" scrolling=\"no\" allowfullscreen=\"allowfullscreen\"><span data-mce-type=\"bookmark\" style=\"display: inline-block; width: 0px; overflow: hidden; line-height: 0;\" class=\"mce_SELRES_start\">\ufeff<\/span><\/iframe><\/p>\n<div style=\"margin: 4px 0px 8px;\"><a href=\"http:\/\/www.calameo.com\/\" target=\"_blank\" rel=\"noopener noreferrer\">Leer m\u00e1s publicaciones en Calam\u00e9o<\/a><\/div>\n<\/div>\n<p><a href=\"http:\/\/carei.es\/mediacion-intercultural\/\" target=\"_blank\" rel=\"noopener noreferrer\"><img loading=\"lazy\" decoding=\"async\" class=\"aligncenter size-full wp-image-276\" src=\"http:\/\/wp.catedu.es\/escuelaruralencasa\/wp-content\/uploads\/sites\/189\/2020\/04\/Logo-mediaci\u00f3n.jpg\" alt=\"\" width=\"750\" height=\"380\" srcset=\"https:\/\/wp.catedu.es\/escuelaruralencasa\/wp-content\/uploads\/sites\/189\/2020\/04\/Logo-mediaci\u00f3n.jpg 750w, https:\/\/wp.catedu.es\/escuelaruralencasa\/wp-content\/uploads\/sites\/189\/2020\/04\/Logo-mediaci\u00f3n-300x152.jpg 300w\" sizes=\"auto, (max-width: 750px) 100vw, 750px\" \/><\/a><\/p>\n<p><a href=\"http:\/\/carei.es\/mediacion-intercultural\/\" target=\"_blank\" rel=\"noopener noreferrer\">El CAREI dispone de su servicio de mediaci\u00f3n intercultural.<\/a><\/p>\n","protected":false},"excerpt":{"rendered":"<p>Solicitar el servicio de interpretaci\u00f3n telef\u00f3nica de la Direcci\u00f3n General de Cooperaci\u00f3n al Desarrollo e Inmigraci\u00f3n del Gobierno de Arag\u00f3n para facilitar la comunicaci\u00f3n con las personas de habla no hispana. Descargar documento Servicio De Interpretaci\u00f3n (1). \ufeff Leer m\u00e1s<\/p>\n","protected":false},"author":264,"featured_media":0,"parent":24,"menu_order":0,"comment_status":"closed","ping_status":"closed","template":"","meta":{"footnotes":""},"class_list":["post-272","page","type-page","status-publish","hentry"],"_links":{"self":[{"href":"https:\/\/wp.catedu.es\/escuelaruralencasa\/wp-json\/wp\/v2\/pages\/272","targetHints":{"allow":["GET"]}}],"collection":[{"href":"https:\/\/wp.catedu.es\/escuelaruralencasa\/wp-json\/wp\/v2\/pages"}],"about":[{"href":"https:\/\/wp.catedu.es\/escuelaruralencasa\/wp-json\/wp\/v2\/types\/page"}],"author":[{"embeddable":true,"href":"https:\/\/wp.catedu.es\/escuelaruralencasa\/wp-json\/wp\/v2\/users\/264"}],"replies":[{"embeddable":true,"href":"https:\/\/wp.catedu.es\/escuelaruralencasa\/wp-json\/wp\/v2\/comments?post=272"}],"version-history":[{"count":4,"href":"https:\/\/wp.catedu.es\/escuelaruralencasa\/wp-json\/wp\/v2\/pages\/272\/revisions"}],"predecessor-version":[{"id":514,"href":"https:\/\/wp.catedu.es\/escuelaruralencasa\/wp-json\/wp\/v2\/pages\/272\/revisions\/514"}],"up":[{"embeddable":true,"href":"https:\/\/wp.catedu.es\/escuelaruralencasa\/wp-json\/wp\/v2\/pages\/24"}],"wp:attachment":[{"href":"https:\/\/wp.catedu.es\/escuelaruralencasa\/wp-json\/wp\/v2\/media?parent=272"}],"curies":[{"name":"wp","href":"https:\/\/api.w.org\/{rel}","templated":true}]}}