{"id":311,"date":"2016-09-08T10:02:11","date_gmt":"2016-09-08T09:02:11","guid":{"rendered":"http:\/\/wp.catedu.es\/jutruan\/?page_id=311"},"modified":"2019-09-19T18:04:16","modified_gmt":"2019-09-19T17:04:16","slug":"matisse-el-caracol","status":"publish","type":"page","link":"https:\/\/wp.catedu.es\/jutruan\/plastica\/matisse-el-caracol\/","title":{"rendered":"Matisse: el caracol"},"content":{"rendered":"<p><img loading=\"lazy\" decoding=\"async\" class=\"aligncenter size-full wp-image-312\" src=\"http:\/\/wp.catedu.es\/jutruan\/wp-content\/uploads\/sites\/40\/2016\/09\/El-caracol-Henri-Matisse.jpg\" alt=\"El caracol-Henri Matisse\" width=\"730\" height=\"727\" srcset=\"https:\/\/wp.catedu.es\/jutruan\/wp-content\/uploads\/sites\/40\/2016\/09\/El-caracol-Henri-Matisse.jpg 730w, https:\/\/wp.catedu.es\/jutruan\/wp-content\/uploads\/sites\/40\/2016\/09\/El-caracol-Henri-Matisse-150x149.jpg 150w, https:\/\/wp.catedu.es\/jutruan\/wp-content\/uploads\/sites\/40\/2016\/09\/El-caracol-Henri-Matisse-300x299.jpg 300w, https:\/\/wp.catedu.es\/jutruan\/wp-content\/uploads\/sites\/40\/2016\/09\/El-caracol-Henri-Matisse-100x100.jpg 100w, https:\/\/wp.catedu.es\/jutruan\/wp-content\/uploads\/sites\/40\/2016\/09\/El-caracol-Henri-Matisse-200x199.jpg 200w, https:\/\/wp.catedu.es\/jutruan\/wp-content\/uploads\/sites\/40\/2016\/09\/El-caracol-Henri-Matisse-450x448.jpg 450w, https:\/\/wp.catedu.es\/jutruan\/wp-content\/uploads\/sites\/40\/2016\/09\/El-caracol-Henri-Matisse-600x598.jpg 600w\" sizes=\"auto, (max-width: 730px) 100vw, 730px\" \/><\/p>\n<div class=\"widget\">\n<p style=\"text-align: justify;\">El cuadro mide casi 3 mts. de largo y ancho. Matisse cre\u00f3 este cuadro poco antes de morir, ten\u00eda 80 a\u00f1os y estaba casi ciego. Lo hizo as\u00ed porque as\u00ed podr\u00eda ver el cuadro que estaba creando.<\/p>\n<\/div>\n<ul>\n<li class=\"clearfix\" style=\"text-align: justify;\">\u00a0\u00bfPuedes ver el caracol oculto en el cuadro?<\/li>\n<li class=\"widget\" style=\"text-align: justify;\">\u00bfPor qu\u00e9 eligi\u00f3 Matisse un caracol?<\/li>\n<li class=\"widget\">\n<p style=\"text-align: justify;\">\u00bfPor qu\u00e9 us\u00f3 Matisse colores vivos en lugar de los colores reales de un caracol?<\/p>\n<\/li>\n<\/ul>\n","protected":false},"excerpt":{"rendered":"<p>El cuadro mide casi 3 mts. de largo y ancho. Matisse cre\u00f3 este cuadro poco antes de morir, ten\u00eda 80 a\u00f1os y estaba casi ciego. Lo hizo as\u00ed porque as\u00ed podr\u00eda ver el cuadro que estaba creando. \u00a0\u00bfPuedes ver el caracol oculto en el cuadro? \u00bfPor qu\u00e9 eligi\u00f3 Matisse un caracol? \u00bfPor qu\u00e9 us\u00f3 Matisse &hellip; <\/p>\n<p><a class=\"more-link btn\" href=\"https:\/\/wp.catedu.es\/jutruan\/plastica\/matisse-el-caracol\/\">Seguir leyendo<\/a><\/p>\n","protected":false},"author":68,"featured_media":0,"parent":309,"menu_order":1,"comment_status":"closed","ping_status":"closed","template":"","meta":{"jetpack_post_was_ever_published":false,"footnotes":""},"class_list":["post-311","page","type-page","status-publish","hentry","nodate","item-wrap"],"jetpack_sharing_enabled":true,"jetpack_shortlink":"https:\/\/wp.me\/P7JevQ-51","_links":{"self":[{"href":"https:\/\/wp.catedu.es\/jutruan\/wp-json\/wp\/v2\/pages\/311","targetHints":{"allow":["GET"]}}],"collection":[{"href":"https:\/\/wp.catedu.es\/jutruan\/wp-json\/wp\/v2\/pages"}],"about":[{"href":"https:\/\/wp.catedu.es\/jutruan\/wp-json\/wp\/v2\/types\/page"}],"author":[{"embeddable":true,"href":"https:\/\/wp.catedu.es\/jutruan\/wp-json\/wp\/v2\/users\/68"}],"replies":[{"embeddable":true,"href":"https:\/\/wp.catedu.es\/jutruan\/wp-json\/wp\/v2\/comments?post=311"}],"version-history":[{"count":1,"href":"https:\/\/wp.catedu.es\/jutruan\/wp-json\/wp\/v2\/pages\/311\/revisions"}],"predecessor-version":[{"id":313,"href":"https:\/\/wp.catedu.es\/jutruan\/wp-json\/wp\/v2\/pages\/311\/revisions\/313"}],"up":[{"embeddable":true,"href":"https:\/\/wp.catedu.es\/jutruan\/wp-json\/wp\/v2\/pages\/309"}],"wp:attachment":[{"href":"https:\/\/wp.catedu.es\/jutruan\/wp-json\/wp\/v2\/media?parent=311"}],"curies":[{"name":"wp","href":"https:\/\/api.w.org\/{rel}","templated":true}]}}